{"id":109,"date":"2015-07-28T15:08:32","date_gmt":"2015-07-28T13:08:32","guid":{"rendered":"http:\/\/www.maerchen-klang.de\/?page_id=109"},"modified":"2016-09-06T15:15:20","modified_gmt":"2016-09-06T14:15:20","slug":"keltische-harfe","status":"publish","type":"page","link":"http:\/\/www.maerchen-klang.de\/?page_id=109","title":{"rendered":"Keltische Harfe"},"content":{"rendered":"<p>Die Harfe geh\u00f6rt zu den \u00e4ltesten Instrumenten der Welt und ihre Geschichte l\u00e4sst sich bis auf 3000 Jahre vor Chr., in die Zeit der alten \u00c4gypter, zur\u00fcckverfolgen.<br \/>\nAuf piktischen Steinkreuzen des 8.-9. Jahrhunderts in Nordschottland sind die \u00e4ltesten europ\u00e4ischen Abbildungen einer keltischen Harfe zu sehen. In Irland sind Harfendarstellungen ebenfalls seit dem 11. Jahrhundert belegt.<br \/>\nIn der Musiktradition der keltischen L\u00e4nder Irland, Schottland und Wales sowie auch der Bretagne hat diese\u00a0 Harfe ihren festen Platz.<br \/>\nSie war eines der beliebtesten Instrumente des Mittelalters und wurde zusammen mit der Fidel am h\u00e4ufigsten genannt und abgebildet.<br \/>\nIn dieser Zeit galt sie\u00a0 in Schottland und vor allem in Irland als aristokratisches Instrument, wo sie von S\u00e4ngern und Barden, die hohes gesellschaftliches Ansehen genossen, an den K\u00f6nigsh\u00f6fen und vor Clan Chiefs gespielt wurde.<\/p>\n<p><a href=\"http:\/\/www.maerchen-klang.de\/wp-content\/uploads\/2015\/07\/Heike-rotes-Kleid-2.jpg\"><img loading=\"lazy\" class=\"wp-image-86 alignleft\" src=\"http:\/\/www.maerchen-klang.de\/wp-content\/uploads\/2015\/07\/Heike-rotes-Kleid-2.jpg\" alt=\"Heike rotes Kleid\" width=\"300\" height=\"450\" \/><\/a><br \/>\nIndem wir die freie Erz\u00e4hlung mit den Kl\u00e4ngen der keltischen Harfe verbinden, setzen wir diese sch\u00f6ne alte Tradition der musikalisch begleiteten Erz\u00e4hlung fort.<\/p>\n<p>Bei Interesse vermittelt Heike T\u00f6njes gerne Wissenswertes \u00fcber die keltische Harfe und deren besondere Geschichte. Sie gibt auch Auskunft \u00fcber die verschiedenen Unterrichtsm\u00f6glichkeiten zum Erlernen des Harfenspiels im Raum Ostfriesland.<\/p>\n<p>F\u00fcr Schulklassen kann in Absprache mit den Lehrkr\u00e4ften eine Erg\u00e4nzung \/ Kombination zum Musikunterricht\u00a0 verbunden mit unserer M\u00e4rchenerz\u00e4hlung geplant werden. So wird ein erster, pers\u00f6nlicher Kontakt zu diesem au\u00dfergew\u00f6hnlichen Instrument erm\u00f6glicht.<\/p>\n<p>&nbsp;<\/p>\n","protected":false},"excerpt":{"rendered":"<p>Die Harfe geh\u00f6rt zu den \u00e4ltesten Instrumenten der Welt und ihre Geschichte l\u00e4sst sich bis auf 3000 Jahre vor Chr., in die Zeit der alten \u00c4gypter, zur\u00fcckverfolgen. Auf piktischen Steinkreuzen des 8.-9. Jahrhunderts in Nordschottland sind die \u00e4ltesten europ\u00e4ischen Abbildungen einer keltischen Harfe zu sehen. In Irland sind Harfendarstellungen ebenfalls seit dem 11. Jahrhundert belegt.&#8230; <a href=\"http:\/\/www.maerchen-klang.de\/?page_id=109\" class=\"more-link\">Continue reading <span class=\"screen-reader-text\">Keltische Harfe<\/span><\/a><\/p>\n","protected":false},"author":1,"featured_media":0,"parent":0,"menu_order":0,"comment_status":"closed","ping_status":"open","template":"","meta":[],"_links":{"self":[{"href":"http:\/\/www.maerchen-klang.de\/index.php?rest_route=\/wp\/v2\/pages\/109"}],"collection":[{"href":"http:\/\/www.maerchen-klang.de\/index.php?rest_route=\/wp\/v2\/pages"}],"about":[{"href":"http:\/\/www.maerchen-klang.de\/index.php?rest_route=\/wp\/v2\/types\/page"}],"author":[{"embeddable":true,"href":"http:\/\/www.maerchen-klang.de\/index.php?rest_route=\/wp\/v2\/users\/1"}],"replies":[{"embeddable":true,"href":"http:\/\/www.maerchen-klang.de\/index.php?rest_route=%2Fwp%2Fv2%2Fcomments&post=109"}],"version-history":[{"count":23,"href":"http:\/\/www.maerchen-klang.de\/index.php?rest_route=\/wp\/v2\/pages\/109\/revisions"}],"predecessor-version":[{"id":189,"href":"http:\/\/www.maerchen-klang.de\/index.php?rest_route=\/wp\/v2\/pages\/109\/revisions\/189"}],"wp:attachment":[{"href":"http:\/\/www.maerchen-klang.de\/index.php?rest_route=%2Fwp%2Fv2%2Fmedia&parent=109"}],"curies":[{"name":"wp","href":"https:\/\/api.w.org\/{rel}","templated":true}]}}