{"id":9,"date":"2015-07-28T09:56:14","date_gmt":"2015-07-28T07:56:14","guid":{"rendered":"http:\/\/www.maerchen-klang.de\/?page_id=9"},"modified":"2015-09-09T14:16:27","modified_gmt":"2015-09-09T12:16:27","slug":"heike-toenjes","status":"publish","type":"page","link":"http:\/\/www.maerchen-klang.de\/?page_id=9","title":{"rendered":"Heike T\u00f6njes"},"content":{"rendered":"<p>Heike T\u00f6njes hat sich vor einigen Jahren mit dem Harfenspiel einen lang gehegten Kindheitstraum erf\u00fcllt.<br \/>\nEs ist f\u00fcr sie wie ein Geschenk, die M\u00e4rchenerz\u00e4hlung\u00a0 mit den zauberhaften Kl\u00e4ngen ihrer <a href=\"http:\/\/www.maerchen-klang.de\/?page_id=109\">keltischen Harfe <\/a>verbinden zu k\u00f6nnen, sie mit Leben zu erf\u00fcllen und das Publikum in eine &#8222;andere Welt&#8220;, in eine Welt der Ruhe und Entspannung, in eine Welt des Tr\u00e4umens zu begleiten.<\/p>\n<p>Sie versteht es meisterhaft das gesprochene Wort einf\u00fchlsam zu untermalen, begleitet mal leise, geheimnisvoll,\u00a0 mal laut, fast bedrohlich, mal k\u00f6niglich oder leicht und beschwingt.<br \/>\nAuf diese Weise werden\u00a0 die Worte in Schwingung gebracht, das H\u00f6rerlebnis vertieft und der innere und \u00e4u\u00dfere &#8222;M\u00e4rchenraum&#8220; verzaubert.<\/p>\n<figure id=\"attachment_193\" aria-describedby=\"caption-attachment-193\" style=\"width: 498px\" class=\"wp-caption alignleft\"><a href=\"http:\/\/www.maerchen-klang.de\/wp-content\/uploads\/2015\/07\/M\u00e4rchen_151213_str009.jpg\"><img loading=\"lazy\" class=\"wp-image-193\" src=\"http:\/\/www.maerchen-klang.de\/wp-content\/uploads\/2015\/07\/M\u00e4rchen_151213_str009.jpg\" alt=\"M\u00e4rchenerz\u00e4hler  M\u00e4rchenerz\u00e4hler   Harfe Instrument Musikinstrumet  Klang            Brigtitte Hagen erz\u00e4hlte M\u00e4rchen, w\u00e4hrend Heike T\u00f6njes die Vortr\u00e4ge mit ihrem einf\u00fchlsamen Harfenspiel begleitete. M\u00e4rchen\" width=\"498\" height=\"354\" \/><\/a><figcaption id=\"caption-attachment-193\" class=\"wp-caption-text\">L\u00fctetsburger Weihnacht 2013<\/figcaption><\/figure>\n","protected":false},"excerpt":{"rendered":"<p>Heike T\u00f6njes hat sich vor einigen Jahren mit dem Harfenspiel einen lang gehegten Kindheitstraum erf\u00fcllt. Es ist f\u00fcr sie wie ein Geschenk, die M\u00e4rchenerz\u00e4hlung\u00a0 mit den zauberhaften Kl\u00e4ngen ihrer keltischen Harfe verbinden zu k\u00f6nnen, sie mit Leben zu erf\u00fcllen und das Publikum in eine &#8222;andere Welt&#8220;, in eine Welt der Ruhe und Entspannung, in eine&#8230; <a href=\"http:\/\/www.maerchen-klang.de\/?page_id=9\" class=\"more-link\">Continue reading <span class=\"screen-reader-text\">Heike T\u00f6njes<\/span><\/a><\/p>\n","protected":false},"author":1,"featured_media":0,"parent":5,"menu_order":0,"comment_status":"closed","ping_status":"closed","template":"","meta":[],"_links":{"self":[{"href":"http:\/\/www.maerchen-klang.de\/index.php?rest_route=\/wp\/v2\/pages\/9"}],"collection":[{"href":"http:\/\/www.maerchen-klang.de\/index.php?rest_route=\/wp\/v2\/pages"}],"about":[{"href":"http:\/\/www.maerchen-klang.de\/index.php?rest_route=\/wp\/v2\/types\/page"}],"author":[{"embeddable":true,"href":"http:\/\/www.maerchen-klang.de\/index.php?rest_route=\/wp\/v2\/users\/1"}],"replies":[{"embeddable":true,"href":"http:\/\/www.maerchen-klang.de\/index.php?rest_route=%2Fwp%2Fv2%2Fcomments&post=9"}],"version-history":[{"count":14,"href":"http:\/\/www.maerchen-klang.de\/index.php?rest_route=\/wp\/v2\/pages\/9\/revisions"}],"predecessor-version":[{"id":398,"href":"http:\/\/www.maerchen-klang.de\/index.php?rest_route=\/wp\/v2\/pages\/9\/revisions\/398"}],"up":[{"embeddable":true,"href":"http:\/\/www.maerchen-klang.de\/index.php?rest_route=\/wp\/v2\/pages\/5"}],"wp:attachment":[{"href":"http:\/\/www.maerchen-klang.de\/index.php?rest_route=%2Fwp%2Fv2%2Fmedia&parent=9"}],"curies":[{"name":"wp","href":"https:\/\/api.w.org\/{rel}","templated":true}]}}